{"id":17,"date":"2021-04-16T08:05:30","date_gmt":"2021-04-16T06:05:30","guid":{"rendered":"http:\/\/karmelitanskaunia.sk\/new\/?page_id=17"},"modified":"2021-05-26T09:40:28","modified_gmt":"2021-05-26T07:40:28","slug":"edit-stein","status":"publish","type":"page","link":"https:\/\/karmelitanskaunia.sk\/new\/edit-stein\/","title":{"rendered":"Edit Stein"},"content":{"rendered":"\n<div class=\"wp-block-media-text alignwide is-stacked-on-mobile is-image-fill has-colibri-color-6-color has-text-color\" style=\"grid-template-columns:35% auto\"><figure class=\"wp-block-media-text__media\" style=\"background-image:url(http:\/\/karmelitanskaunia.sk\/new\/wp-content\/uploads\/2021\/04\/edith_stein-1.png);background-position:50% 50%\"><img loading=\"lazy\" decoding=\"async\" width=\"482\" height=\"559\" src=\"http:\/\/karmelitanskaunia.sk\/new\/wp-content\/uploads\/2021\/04\/edith_stein-1.png\" alt=\"\" class=\"wp-image-893 size-full\" srcset=\"https:\/\/karmelitanskaunia.sk\/new\/wp-content\/uploads\/2021\/04\/edith_stein-1.png 482w, https:\/\/karmelitanskaunia.sk\/new\/wp-content\/uploads\/2021\/04\/edith_stein-1-259x300.png 259w\" sizes=\"auto, (max-width: 482px) 100vw, 482px\" \/><\/figure><div class=\"wp-block-media-text__content\">\n<p class=\"has-colibri-color-6-color has-text-color has-normal-font-size\">\u201eAzda na to, aby v\u0161etky \u017eeny realizovali svoje povolanie, mali by vst\u00fapi\u0165 do kl\u00e1\u0161torov? Ur\u010dite nie. Av\u0161ak \u017eensk\u00e1 prirodzenos\u0165, upadnut\u00e1 a pokazen\u00e1, sa len \u010distotou m\u00f4\u017ee obnovi\u0165 a dospie\u0165 k v\u00fd\u0161ke povolania, ktor\u00e9 je vlastn\u00e9 \u017eenskej povahe, a to ke\u010f sa \u00faplne odovzd\u00e1 Bohu. Nech u\u017e \u017eije ako matka v dome, alebo ako postaven\u00e1 do popredn\u00e9ho miesta verejn\u00e9ho \u017eivota, alebo za tich\u00fdmi m\u00farmi kl\u00e1\u0161tora: v\u0161ade m\u00e1 by\u0165 \u201eslu\u017eobnicou P\u00e1novou\u201c, ako bola Matka Bo\u017eia vo v\u0161etk\u00fdch okolnostiach svojho \u017eivota: ako mlad\u00e9 diev\u010da v posv\u00e4tnom priestore chr\u00e1mu, v pokojnom riaden\u00ed domu v Betleheme a v Nazarete, ako t\u00e1, ktor\u00e1 bola na \u010dele apo\u0161tolov a prv\u00fdch kres\u0165ansk\u00fdch spolo\u010denstiev po Synovej smrti. Keby ka\u017ed\u00e1 \u017eena bola obrazom Matky Bo\u017eej, ka\u017ed\u00e1 \u017eena Kristovou nevestou, ka\u017ed\u00e1 \u017eena apo\u0161tolom Bo\u017esk\u00e9ho Srdca, vtedy by ka\u017ed\u00e1 realizovala svoje povolanie \u017eeny, ak\u00e9ko\u013evek by boli podmienky, v ktor\u00fdch \u017eije a ak\u00e9ko\u013evek aktivity by konala\u201c<br>\u201e\u017deny, ktor\u00e9 chc\u00fa realizova\u0165 svoje poslanie \u017eeny, voliac jednu z mnoh\u00fdch ciest, d\u00f4jdu bezpe\u010dnej\u0161ie k cie\u013eu nielen t\u00fdm, \u017ee bud\u00fa ma\u0165 pred sebou \u017eiv\u00fd obraz Matky-Panny a \u017ee sa bud\u00fa sna\u017ei\u0165 pripodobni\u0165 sa jej svoj\u00edm osobn\u00fdm formovan\u00edm, ale aj ke\u010f sa zveria jej vedeniu, ak sa jej \u00faplne odovzdaj\u00fa. Ona m\u00f4\u017ee formova\u0165 na svoj obraz toho, kto jej patr\u00ed.\u201c<\/p>\n\n\n\n<p class=\"has-normal-font-size\">\/Z knihy: Form\u00e1cia a povolanie \u017eeny\/<\/p>\n\n\n\n<p><\/p>\n<\/div><\/div>\n","protected":false},"excerpt":{"rendered":"<p>\u201eAzda na to, aby v\u0161etky \u017eeny realizovali svoje povolanie, mali by vst\u00fapi\u0165 do kl\u00e1\u0161torov? Ur\u010dite nie. Av\u0161ak \u017eensk\u00e1 prirodzenos\u0165, upadnut\u00e1 a pokazen\u00e1, sa len \u010distotou m\u00f4\u017ee obnovi\u0165 a dospie\u0165 k v\u00fd\u0161ke povolania, ktor\u00e9 je vlastn\u00e9 \u017eenskej povahe, a to ke\u010f sa \u00faplne odovzd\u00e1 Bohu. Nech u\u017e \u017eije ako matka v dome, alebo ako postaven\u00e1 do [&hellip;]<\/p>\n","protected":false},"author":1,"featured_media":14,"parent":0,"menu_order":0,"comment_status":"closed","ping_status":"closed","template":"","meta":{"footnotes":""},"class_list":["post-17","page","type-page","status-publish","has-post-thumbnail","hentry"],"_links":{"self":[{"href":"https:\/\/karmelitanskaunia.sk\/new\/wp-json\/wp\/v2\/pages\/17","targetHints":{"allow":["GET"]}}],"collection":[{"href":"https:\/\/karmelitanskaunia.sk\/new\/wp-json\/wp\/v2\/pages"}],"about":[{"href":"https:\/\/karmelitanskaunia.sk\/new\/wp-json\/wp\/v2\/types\/page"}],"author":[{"embeddable":true,"href":"https:\/\/karmelitanskaunia.sk\/new\/wp-json\/wp\/v2\/users\/1"}],"replies":[{"embeddable":true,"href":"https:\/\/karmelitanskaunia.sk\/new\/wp-json\/wp\/v2\/comments?post=17"}],"version-history":[{"count":7,"href":"https:\/\/karmelitanskaunia.sk\/new\/wp-json\/wp\/v2\/pages\/17\/revisions"}],"predecessor-version":[{"id":1250,"href":"https:\/\/karmelitanskaunia.sk\/new\/wp-json\/wp\/v2\/pages\/17\/revisions\/1250"}],"wp:featuredmedia":[{"embeddable":true,"href":"https:\/\/karmelitanskaunia.sk\/new\/wp-json\/wp\/v2\/media\/14"}],"wp:attachment":[{"href":"https:\/\/karmelitanskaunia.sk\/new\/wp-json\/wp\/v2\/media?parent=17"}],"curies":[{"name":"wp","href":"https:\/\/api.w.org\/{rel}","templated":true}]}}