{"id":1291,"date":"2021-05-31T07:18:12","date_gmt":"2021-05-31T05:18:12","guid":{"rendered":"https:\/\/karmelitanskaunia.sk\/new\/?page_id=1291"},"modified":"2021-05-31T07:18:12","modified_gmt":"2021-05-31T05:18:12","slug":"slava-karmelu-februar-1956","status":"publish","type":"page","link":"https:\/\/karmelitanskaunia.sk\/new\/slava-karmelu-februar-1956\/","title":{"rendered":"Sl\u00e1va Karmelu (febru\u00e1r 1956)"},"content":{"rendered":"\n<p class=\"has-colibri-color-6-color has-text-color\"><strong>1955 <\/strong>\u2013 Ned\u00e1 sa poveda\u0165, \u017ee by sa tento rok uzatv\u00e1ral pre \u00daniu zle. Naopak, okrem mnoh\u00fdch skryt\u00fdch znamen\u00ed n\u00e1m P\u00e1n dal aj mnoh\u00e9 zjavn\u00e9 d\u00f4kazy svojej l\u00e1sky. Pri <em>Te Deum<\/em> som bol ve\u013emi dojat\u00fd, ke\u010f som myslel na na\u0161u rodinku, ako je tu zjednoten\u00e1 na tejto zemi, aj ke\u010f sa mohlo sta\u0165, \u017ee by ostali dve miesta pr\u00e1zdne. Ale P\u00e1n zasiahol tak, ako to vie urobi\u0165 len on a&nbsp;z\u00e1zra\u010dne odklonil beh \u013eudsk\u00fdch vec\u00ed. Iste to nebolo bez jeho ve\u013ekej l\u00e1sky&#8230;<\/p>\n\n\n\n<p class=\"has-colibri-color-6-color has-text-color\"><strong>1956<\/strong> \u2013 L\u00e1ska si vy\u017eaduje l\u00e1sku. Spolu sme prosili Ducha Sv\u00e4t\u00e9ho, aby v&nbsp;n\u00e1s zap\u00e1lil ohe\u0148 svojej l\u00e1sky, ale mus\u00edme P\u00e1novi aj pris\u013e\u00fabi\u0165, \u017ee na znak v\u010fa\u010dnosti za jeho ochranu, rok 1956 bude rokom ve\u013ekodu\u0161nej, odv\u00e1\u017enej, silnej a&nbsp;vytrvalej l\u00e1sky k&nbsp;nemu.<\/p>\n\n\n\n<p class=\"has-colibri-color-6-color has-text-color\">&nbsp;&nbsp; Viem, mil\u00e9 sestry, \u017ee c\u00edtite, \u017ee patr\u00edte ku Karmelu. Ale Karmel sv\u00e4t\u00e9ho Eli\u00e1\u0161a a&nbsp;sv\u00e4tej Ter\u00e9zie je ohe\u0148, me\u010d a&nbsp;kopija. \u010co teda chcete? Zriec\u0165 sa Karmelu, alebo bojova\u0165? Sklama\u0165, alebo horie\u0165 l\u00e1skou?<\/p>\n\n\n\n<p class=\"has-colibri-color-6-color has-text-color\">&nbsp;&nbsp; P\u00e1n nechcel, aby ste boli klauz\u00farov\u00fdm Karmelom alebo in\u00fdm karmelit\u00e1nskym in\u0161tit\u00fatom, kde by boli polovi\u010dn\u00e9 milosti, oslaben\u00e9 z\u00e1zraky, strojen\u00e9 l\u00e1skavosti. Ba pr\u00e1ve naopak, je to \u00fa\u017easn\u00e9 a&nbsp;mo\u017eno aj z\u00e1videniahodn\u00e9, ke\u010f sledujeme to Bo\u017eie p\u00f4sobenie a&nbsp;ke\u010f vid\u00edme, ako sa&nbsp;k&nbsp;v\u00e1m obracaj\u00fa mlad\u00e9 du\u0161e, tak ve\u013emi ve\u013ekodu\u0161n\u00e9&#8230; Nech vo v\u00e1s nikdy neskrsne my\u0161lienka, \u017ee by v\u00e1\u0161 \u201eKarmel\u201c \u2013 teda \u00dania a&nbsp;va\u0161e srdcia \u2013 milovali P\u00e1na s&nbsp;men\u0161ou ve\u013ekodu\u0161nos\u0165ou, men\u0161ou rozhodnos\u0165ou a&nbsp;s&nbsp;men\u0161\u00edm z\u00e1palom ne\u017e ak\u00fdko\u013evek in\u00fd \u201eKarmel\u201c.<\/p>\n\n\n\n<p class=\"has-colibri-color-6-color has-text-color\">&nbsp;&nbsp; Nedostatky, ustra\u0161enos\u0165, malichernosti s\u00fa v\u0161ade, to je pravda: ale mus\u00edme ich ods\u00fadi\u0165, bojova\u0165 s&nbsp;nimi a&nbsp;eliminova\u0165 ich nako\u013eko len je to mo\u017en\u00e9. Bolo by neodpustite\u013enou obmedzenos\u0165ou, keby sme chceli odmeriava\u0165 svoju v\u010fa\u010dnos\u0165 tomu, ktor\u00fd n\u00e1m neodmeriava svoju l\u00e1sku!<\/p>\n\n\n\n<p class=\"has-colibri-color-6-color has-text-color\">&nbsp;&nbsp; Ak bol rok 1955 rokom skuto\u010dne mimoriadnych milost\u00ed, nech je rok 1956 rokom mimoriadneho \u00fasilia l\u00e1sky k&nbsp;Bohu. Najprv pomocou modlitby, ale aj celou svojou dobrou v\u00f4\u013eou mus\u00edme uskuto\u010dni\u0165 to, aby \u00dania bola skuto\u010dnou sl\u00e1vou Karmelu; a&nbsp;to pr\u00e1ve toho, pam\u00e4tajte si to, ktor\u00fd je oh\u0148om, me\u010dom a&nbsp;kopijou. Kto m\u00e1 r\u00e1d polovi\u010datos\u0165, sk\u00f4r \u010di nesk\u00f4r vyhasne, vychladne, zlo\u017e\u00ed zbrane a&nbsp;viac ne\u017e pre P\u00e1na bude zap\u00e1len\u00fd pre seba alebo pre stvorenia.<\/p>\n\n\n\n<p class=\"has-colibri-color-6-color has-text-color\">&nbsp;&nbsp; Na Karmel sa ide len jedinou cestou, ktor\u00e1 je priama, hrbo\u013eat\u00e1, cesta \u201eni\u010doho\u201c: v\u0161etky ostatn\u00e9 sa bu\u010f zastavia na polovici, alebo ust\u00fapia sp\u00e4\u0165.<\/p>\n\n\n\n<p class=\"has-colibri-color-6-color has-text-color\">&nbsp;&nbsp; V&nbsp;r. 1955 Boh zost\u00fapil zhora na \u00daniu so v\u0161etkou silou svojej l\u00e1sky; v&nbsp;r. 1956 \u00dania zamieri priamo k&nbsp;Bohu s&nbsp;ve\u013ek\u00fdm rozbehom svojho obnoven\u00e9ho z\u00e1palu.<\/p>\n\n\n\n<p class=\"has-colibri-color-6-color has-text-color\">Pozn\u00e1mka: T\u00fa\u017ebou p\u00e1tra Luigiho je, aby in\u0161tit\u00fat, ktor\u00fd sa zrodil z&nbsp;karmelit\u00e1nskej trad\u00edcie, napredoval a&nbsp;aby pridal nov\u00fa vodu k&nbsp;u\u017e jestvuj\u00facemu prame\u0148u. Aj inde sa vracia k&nbsp;tejto t\u00e9me. Dve miesta, ktor\u00e9 by v&nbsp;roku 1955 mohli osta\u0165 pr\u00e1zdne, s\u00fa dve sestry, ktor\u00e9 boli \u0165a\u017eko chor\u00e9, ale neo\u010dak\u00e1vane sa uzdravili (i\u0161lo o&nbsp;Orianu Della Maggiore zo Segromigna Piana a&nbsp;Rinu Bonafede z&nbsp;R\u00edma).<\/p>\n","protected":false},"excerpt":{"rendered":"<p>1955 \u2013 Ned\u00e1 sa poveda\u0165, \u017ee by sa tento rok uzatv\u00e1ral pre \u00daniu zle. Naopak, okrem mnoh\u00fdch skryt\u00fdch znamen\u00ed n\u00e1m P\u00e1n dal aj mnoh\u00e9 zjavn\u00e9 d\u00f4kazy svojej l\u00e1sky. Pri Te Deum som bol ve\u013emi dojat\u00fd, ke\u010f som myslel na na\u0161u rodinku, ako je tu zjednoten\u00e1 na tejto zemi, aj ke\u010f sa mohlo sta\u0165, \u017ee by [&hellip;]<\/p>\n","protected":false},"author":1,"featured_media":0,"parent":0,"menu_order":0,"comment_status":"closed","ping_status":"closed","template":"","meta":{"footnotes":""},"class_list":["post-1291","page","type-page","status-publish","hentry"],"_links":{"self":[{"href":"https:\/\/karmelitanskaunia.sk\/new\/wp-json\/wp\/v2\/pages\/1291","targetHints":{"allow":["GET"]}}],"collection":[{"href":"https:\/\/karmelitanskaunia.sk\/new\/wp-json\/wp\/v2\/pages"}],"about":[{"href":"https:\/\/karmelitanskaunia.sk\/new\/wp-json\/wp\/v2\/types\/page"}],"author":[{"embeddable":true,"href":"https:\/\/karmelitanskaunia.sk\/new\/wp-json\/wp\/v2\/users\/1"}],"replies":[{"embeddable":true,"href":"https:\/\/karmelitanskaunia.sk\/new\/wp-json\/wp\/v2\/comments?post=1291"}],"version-history":[{"count":1,"href":"https:\/\/karmelitanskaunia.sk\/new\/wp-json\/wp\/v2\/pages\/1291\/revisions"}],"predecessor-version":[{"id":1292,"href":"https:\/\/karmelitanskaunia.sk\/new\/wp-json\/wp\/v2\/pages\/1291\/revisions\/1292"}],"wp:attachment":[{"href":"https:\/\/karmelitanskaunia.sk\/new\/wp-json\/wp\/v2\/media?parent=1291"}],"curies":[{"name":"wp","href":"https:\/\/api.w.org\/{rel}","templated":true}]}}