{"id":1211,"date":"2021-04-26T16:48:31","date_gmt":"2021-04-26T14:48:31","guid":{"rendered":"http:\/\/karmelitanskaunia.sk\/new\/?page_id=1211"},"modified":"2021-04-26T16:48:52","modified_gmt":"2021-04-26T14:48:52","slug":"ecce-sponsum-tuum-crucifixum","status":"publish","type":"page","link":"https:\/\/karmelitanskaunia.sk\/new\/ecce-sponsum-tuum-crucifixum\/","title":{"rendered":"ECCE SPONSUM TUUM CRUCIFIXUM"},"content":{"rendered":"\n<p>ECCE SPONSUM TUUM CRUCIFIXUM<br>(H\u013ea, tvoj ukri\u017eovan\u00fd \u017den\u00edch)<\/p>\n\n\n\n<p>Apr\u00edl 1995<\/p>\n\n\n\n<p>Na kolen\u00e1ch pred sv\u00e4tost\u00e1nkom a&nbsp;e\u0161te s&nbsp;\u010derstv\u00fdm dojat\u00edm po s\u013euboch, ktor\u00e9 si pr\u00e1ve vyslovila, dostala si v&nbsp;tento pam\u00e4tn\u00fd de\u0148 svojich s\u013eubov obzvl\u00e1\u0161\u0165 sv\u00e4t\u00fd znak: kr\u00ed\u017e. A&nbsp;ke\u010f ti ho k\u0148az pod\u00e1val, povedal: \u201eH\u013ea, tvoj ukri\u017eovan\u00fd \u017den\u00edch\u201c, a&nbsp;ty si odpovedala s&nbsp;rados\u0165ou, v\u010fa\u010dnos\u0165ou a&nbsp;s&nbsp;l\u00e1skou: \u201eBohu v\u010faka!\u201c<\/p>\n\n\n\n<p>&nbsp;&nbsp; Dobre, ale vedela si sa potom pozrie\u0165 na svojho \u017den\u00edcha s&nbsp;odvahou? Sna\u017eila si si st\u00e1le viac uvedomi\u0165 jeho opr\u00e1vnen\u00e9 po\u017eiadavky?<\/p>\n\n\n\n<p>&nbsp;&nbsp; V&nbsp;t\u00fdchto sv\u00e4t\u00fdch d\u0148och sa sna\u017e &nbsp;by\u0165 mu obzvl\u00e1\u0161\u0165 bl\u00edzko. D\u00edvaj sa na neho v&nbsp;Getsemanskej z\u00e1hrade, ohnut\u00e9ho k&nbsp;zemi pod \u0165archou hriechov cel\u00e9ho sveta, s kvapkami&nbsp; krvi, sk\u013e\u00fa\u010den\u00e9ho kv\u00f4li tomu, \u017ee ho vlastn\u00ed opustili, zarm\u00faten\u00e9ho pre Jud\u00e1\u0161ovu zradu. Pozeraj, s&nbsp;akou \u201e\u0161etrnos\u0165ou\u201c&nbsp; s&nbsp;n\u00edm nar\u00e1bali dr\u00e1bi a&nbsp;ako ho potom vysmiali, op\u013euvali, zau\u0161kovali a&nbsp;bi\u010dovali, ods\u00fadili a&nbsp;ukri\u017eovali.<\/p>\n\n\n\n<p>&nbsp;&nbsp; Je to tvoj \u017den\u00edch, vie\u0161? Ten, ktor\u00e9mu si sa odovzdala, ktor\u00e9ho m\u00e1\u0161 preto nasledova\u0165 a&nbsp;ktor\u00e9mu sa m\u00e1\u0161 pripodobni\u0165! Je jasn\u00e9, \u017ee to si vy\u017eaduje, aby si aj ty prijala \u0165archu hriechov in\u00fdch \u013eud\u00ed, aby si sa stala hostiou na z\u00e1chranu in\u00fdch, aby si sa disponovala k&nbsp;prijatiu kr\u00ed\u017ea ka\u017ed\u00e9ho d\u0148a, a&nbsp;to s&nbsp;rozhodnos\u0165ou a&nbsp;s&nbsp;l\u00e1skou.<\/p>\n\n\n\n<p>&nbsp;&nbsp; Ke\u010f \u0165a zasiahne noc suchop\u00e1rnosti, pr\u00edzrak poku\u0161enia alebo malomyse\u013enos\u0165, spome\u0148 si na svojho \u017den\u00edcha v&nbsp;Getsemanskej z\u00e1hrade.&nbsp; Ke\u010f sa bude\u0161 c\u00edti\u0165 nepochopen\u00e1 vo svojej bolesti, ke\u010f si bude\u0161 myslie\u0165, \u017ee \u0165a nik nech\u00e1pe, ke\u010f \u0165a niekto bl\u00edzky zrad\u00ed, mysli na bolestn\u00fa samotu tvojho \u017den\u00edcha pr\u00e1ve v&nbsp;t\u00fato tak \u0165a\u017ek\u00fa hodinu. Ak by si aj bola nespravodlivo obvinen\u00e1, ba aj ods\u00faden\u00e1, pripome\u0148 si d\u00f4stojn\u00e9 Je\u017ei\u0161ovo ticho pred jeho nepriate\u013emi. A&nbsp;tie\u017e v&nbsp;mal\u00fdch nepr\u00edjemnostiach ka\u017ed\u00e9ho d\u0148a &#8211; vo fyzickej \u00fanave, fyzick\u00fdch bolestiach &#8211; spome\u0148 si na to, \u017ee si prijala na seba to, \u017ee sa stane\u0161 ako on, ktor\u00fd z&nbsp;ka\u017ed\u00e9ho utrpenia urobil prostriedok sp\u00e1sy.<\/p>\n\n\n\n<p>&nbsp;&nbsp; Maj ho v\u017edy pred o\u010dami, v&nbsp;mysli aj v&nbsp;srdci, a&nbsp;pam\u00e4taj, \u017ee niet v\u00e4\u010d\u0161\u00edch bolest\u00ed, ako boli tie, ktor\u00e9 sk\u00fasil on, \u017ee niet hor\u0161\u00edch \u00fazkost\u00ed ne\u017e boli tie jeho! Jeho ve\u013ekodu\u0161n\u00e9 obetovanie nech je tvoj\u00edm vzorom. A&nbsp;hovor\u00edm ti: Neboj sa! Ten, ktor\u00fd \u0165a povolal k&nbsp;man\u017eelstvu s&nbsp;Ukri\u017eovan\u00fdm, ten \u0165a aj predur\u010dil k&nbsp;tomu, aby si kra\u013eovala so Zm\u0155tvychvstal\u00fdm.<\/p>\n\n\n\n<p>&nbsp;&nbsp; Ak bude\u0161 vedie\u0165 zomrie\u0165 s&nbsp;n\u00edm a&nbsp;ako on, ako on a&nbsp;s&nbsp;n\u00edm bude\u0161 \u017ei\u0165 a&nbsp;bude to triumf ve\u010dn\u00e9ho a&nbsp;osl\u00e1ven\u00e9ho \u017eivota v&nbsp;spolo\u010denstve s&nbsp;Otcom. V\u0161etok triumf sv\u00e4t\u00fdch, ako aj sl\u00e1va mu\u010den\u00edkov a&nbsp;videnie \u010dist\u00fdch du\u0161\u00ed bud\u00fa tvoj\u00edm.<\/p>\n\n\n\n<p>Tak ako vo svetle a&nbsp;tie\u0148och t\u00fdchto sv\u00e4t\u00fdch dn\u00ed, tak ako aj v&nbsp;utrpeniach cel\u00e9ho \u017eivota, v\u017edy pozeraj hore, silne obj\u00edmaj\u00fac svojho ukri\u017eovan\u00e9ho \u017den\u00edcha.<\/p>\n\n\n\n<p>\u00a0\u00a0\u00a0<\/p>\n","protected":false},"excerpt":{"rendered":"<p>ECCE SPONSUM TUUM CRUCIFIXUM(H\u013ea, tvoj ukri\u017eovan\u00fd \u017den\u00edch) Apr\u00edl 1995 Na kolen\u00e1ch pred sv\u00e4tost\u00e1nkom a&nbsp;e\u0161te s&nbsp;\u010derstv\u00fdm dojat\u00edm po s\u013euboch, ktor\u00e9 si pr\u00e1ve vyslovila, dostala si v&nbsp;tento pam\u00e4tn\u00fd de\u0148 svojich s\u013eubov obzvl\u00e1\u0161\u0165 sv\u00e4t\u00fd znak: kr\u00ed\u017e. A&nbsp;ke\u010f ti ho k\u0148az pod\u00e1val, povedal: \u201eH\u013ea, tvoj ukri\u017eovan\u00fd \u017den\u00edch\u201c, a&nbsp;ty si odpovedala s&nbsp;rados\u0165ou, v\u010fa\u010dnos\u0165ou a&nbsp;s&nbsp;l\u00e1skou: \u201eBohu v\u010faka!\u201c &nbsp;&nbsp; Dobre, ale vedela [&hellip;]<\/p>\n","protected":false},"author":1,"featured_media":0,"parent":0,"menu_order":0,"comment_status":"closed","ping_status":"closed","template":"","meta":{"footnotes":""},"class_list":["post-1211","page","type-page","status-publish","hentry"],"_links":{"self":[{"href":"https:\/\/karmelitanskaunia.sk\/new\/wp-json\/wp\/v2\/pages\/1211","targetHints":{"allow":["GET"]}}],"collection":[{"href":"https:\/\/karmelitanskaunia.sk\/new\/wp-json\/wp\/v2\/pages"}],"about":[{"href":"https:\/\/karmelitanskaunia.sk\/new\/wp-json\/wp\/v2\/types\/page"}],"author":[{"embeddable":true,"href":"https:\/\/karmelitanskaunia.sk\/new\/wp-json\/wp\/v2\/users\/1"}],"replies":[{"embeddable":true,"href":"https:\/\/karmelitanskaunia.sk\/new\/wp-json\/wp\/v2\/comments?post=1211"}],"version-history":[{"count":2,"href":"https:\/\/karmelitanskaunia.sk\/new\/wp-json\/wp\/v2\/pages\/1211\/revisions"}],"predecessor-version":[{"id":1213,"href":"https:\/\/karmelitanskaunia.sk\/new\/wp-json\/wp\/v2\/pages\/1211\/revisions\/1213"}],"wp:attachment":[{"href":"https:\/\/karmelitanskaunia.sk\/new\/wp-json\/wp\/v2\/media?parent=1211"}],"curies":[{"name":"wp","href":"https:\/\/api.w.org\/{rel}","templated":true}]}}