{"id":1208,"date":"2021-04-26T16:39:02","date_gmt":"2021-04-26T14:39:02","guid":{"rendered":"http:\/\/karmelitanskaunia.sk\/new\/?page_id=1208"},"modified":"2021-04-26T16:49:14","modified_gmt":"2021-04-26T14:49:14","slug":"cor-unum-jedno-srdce","status":"publish","type":"page","link":"https:\/\/karmelitanskaunia.sk\/new\/cor-unum-jedno-srdce\/","title":{"rendered":"COR UNUM"},"content":{"rendered":"\n<p><strong>COR UNUM (Jedno srdce)<\/strong><\/p>\n\n\n\n<p>Marec 1995<\/p>\n\n\n\n<p>&nbsp;&nbsp; Sv\u00e4t\u00fd Jozef n\u00e1m u\u017e priniesol prv\u00fd \u00fatulok a&nbsp;prv\u00e9 kanonick\u00e9 schv\u00e1lenie, a&nbsp;teraz n\u00e1m prin\u00e1\u0161a aj prv\u00fd obe\u017en\u00edk. A&nbsp;s&nbsp;n\u00edm aj napomenutia a&nbsp;program.<\/p>\n\n\n\n<p>&nbsp;&nbsp; Cor unum! Jedno srdce! \u00c1no, tak\u00e9 chc\u00fa by\u0165 v\u0161etky sestry a&nbsp;tak\u00e1 m\u00e1 by\u0165 \u201eUnione\u201c. Jedno srdce! Ak\u00e9? To Je\u017ei\u0161ovo, s&nbsp;ktor\u00fdm sa zjednocuj\u00fa a&nbsp;s&nbsp;ktor\u00fdm&nbsp; zjednocuj\u00fa aj v\u0161etky \u00fadery biedneho \u013eudsk\u00e9ho srdca. V&nbsp;Nazarete tvorili Je\u017ei\u0161, M\u00e1ria a&nbsp;Jozef jednotu; vo ve\u010deradle boli apo\u0161toli s&nbsp;Je\u017ei\u0161om jedno srdce, tak ako na Tur\u00edce &#8211; spolu s&nbsp;Pannou M\u00e1riou. Bo\u017eiu pr\u00edtomnos\u0165 je mo\u017en\u00e9 spozna\u0165 pod\u013ea jednoty s\u0155dc, a&nbsp;zasa v&nbsp;nezhod\u00e1ch je mo\u017en\u00e9 vidie\u0165 \u013eudsk\u00fd faktor.<\/p>\n\n\n\n<p>&nbsp;&nbsp; \u010c\u00edm viac s\u00fa du\u0161e spojen\u00e9 modlitbou, l\u00e1skou, obetou, t\u00fdm viac je tam Ten, ktor\u00fd povedal: \u201eBu\u010fte jedno, ako ja a&nbsp;Otec sme jedno\u201c. Milos\u0165 v\u017edy zjednocuje, hriech rozde\u013euje. Preto ka\u017ed\u00fd dobr\u00fd skutok, aj ke\u010f ukryt\u00fd, du\u0161e sp\u00e1ja a&nbsp;naopak, ka\u017ed\u00fd nedostatok, aj ke\u010f skryt\u00fd, ich rozde\u013euje.<\/p>\n\n\n\n<p>&nbsp;&nbsp; Neznamen\u00e1 to, \u017ee ka\u017ed\u00e1 stabiln\u00e1 jednota je v\u00fdsledkom rovnak\u00fdch t\u00fa\u017eob, ale je jednotou v\u00f4le, ktor\u00e1 chce zv\u00ed\u0165azi\u0165 nad zlom.&nbsp; By\u0165 jedno srdce s&nbsp;Je\u017ei\u0161om, M\u00e1riou a&nbsp;Jozefom znamen\u00e1 t\u00fa\u017ei\u0165 po sv\u00e4tosti, \u010di u\u017e vlastnej, alebo sv\u00e4tosti bratov a&nbsp;sestier, znamen\u00e1 pracova\u0165 zo v\u0161etk\u00fdch s\u00edl pre v\u00ed\u0165azstvo sv\u00e4tej Matky Cirkvi, radostne trpie\u0165, a&nbsp;tak pokra\u010dova\u0165 v&nbsp;naplnen\u00ed Je\u017ei\u0161ovho utrpenia.<\/p>\n\n\n\n<p><strong>Pozn\u00e1mka<\/strong>: Tento kr\u00e1tky pr\u00edspevok p\u00e1tra Luigiho je akoby \u00favodn\u00edkom do obe\u017en\u00edkov, ktor\u00e9 za\u010dali vych\u00e1dza\u0165 19. marca 1955 a&nbsp;boli nap\u00edsan\u00e9 ru\u010dne.<\/p>\n\n\n\n<p>Prv\u00fd vybudovan\u00fd dom pre sestry bol tzv. Ospizio san Giuseppe (\u00datulok sv\u00e4t\u00e9ho Jozefa), budova, ktor\u00e1 sa nach\u00e1dza zboku sanktu\u00e1ria La Madonnina v&nbsp;Capannori(Lucca) a&nbsp;kde 16. j\u00fala 1947 uzrie svetlo sveta Unione Carmelitana Teresiana. Prv\u00e9 ofici\u00e1lne schv\u00e1lenie je udelen\u00e9 arcibiskupom Luccy \u2013 Mons. Antoniom Torrinim 19.3. 1951. Vtedy to e\u0161te nebol sekul\u00e1rny in\u0161tit\u00fat, ale Pia unione (zbo\u017en\u00e9 zhroma\u017edenie).<\/p>\n","protected":false},"excerpt":{"rendered":"<p>COR UNUM (Jedno srdce) Marec 1995 &nbsp;&nbsp; Sv\u00e4t\u00fd Jozef n\u00e1m u\u017e priniesol prv\u00fd \u00fatulok a&nbsp;prv\u00e9 kanonick\u00e9 schv\u00e1lenie, a&nbsp;teraz n\u00e1m prin\u00e1\u0161a aj prv\u00fd obe\u017en\u00edk. A&nbsp;s&nbsp;n\u00edm aj napomenutia a&nbsp;program. &nbsp;&nbsp; Cor unum! Jedno srdce! \u00c1no, tak\u00e9 chc\u00fa by\u0165 v\u0161etky sestry a&nbsp;tak\u00e1 m\u00e1 by\u0165 \u201eUnione\u201c. Jedno srdce! Ak\u00e9? To Je\u017ei\u0161ovo, s&nbsp;ktor\u00fdm sa zjednocuj\u00fa a&nbsp;s&nbsp;ktor\u00fdm&nbsp; zjednocuj\u00fa aj v\u0161etky \u00fadery [&hellip;]<\/p>\n","protected":false},"author":1,"featured_media":0,"parent":0,"menu_order":0,"comment_status":"closed","ping_status":"closed","template":"","meta":{"footnotes":""},"class_list":["post-1208","page","type-page","status-publish","hentry"],"_links":{"self":[{"href":"https:\/\/karmelitanskaunia.sk\/new\/wp-json\/wp\/v2\/pages\/1208","targetHints":{"allow":["GET"]}}],"collection":[{"href":"https:\/\/karmelitanskaunia.sk\/new\/wp-json\/wp\/v2\/pages"}],"about":[{"href":"https:\/\/karmelitanskaunia.sk\/new\/wp-json\/wp\/v2\/types\/page"}],"author":[{"embeddable":true,"href":"https:\/\/karmelitanskaunia.sk\/new\/wp-json\/wp\/v2\/users\/1"}],"replies":[{"embeddable":true,"href":"https:\/\/karmelitanskaunia.sk\/new\/wp-json\/wp\/v2\/comments?post=1208"}],"version-history":[{"count":2,"href":"https:\/\/karmelitanskaunia.sk\/new\/wp-json\/wp\/v2\/pages\/1208\/revisions"}],"predecessor-version":[{"id":1214,"href":"https:\/\/karmelitanskaunia.sk\/new\/wp-json\/wp\/v2\/pages\/1208\/revisions\/1214"}],"wp:attachment":[{"href":"https:\/\/karmelitanskaunia.sk\/new\/wp-json\/wp\/v2\/media?parent=1208"}],"curies":[{"name":"wp","href":"https:\/\/api.w.org\/{rel}","templated":true}]}}