{"id":1076,"date":"2021-04-26T12:57:24","date_gmt":"2021-04-26T10:57:24","guid":{"rendered":"http:\/\/karmelitanskaunia.sk\/new\/?page_id=1076"},"modified":"2021-06-11T07:03:17","modified_gmt":"2021-06-11T05:03:17","slug":"sekularny-institut","status":"publish","type":"page","link":"https:\/\/karmelitanskaunia.sk\/new\/sekularny-institut\/","title":{"rendered":"Sekul\u00e1rny in\u0161tit\u00fat"},"content":{"rendered":"\n<p class=\"has-colibri-color-6-color has-text-color has-normal-font-size\">Sekul\u00e1rne in\u0161tit\u00faty s\u00fa formou \u017eivota v Cirkvi dos\u0165 mladou, ale pri\u0165ahuj\u00facou. Novos\u0165ou je, \u017ee je mo\u017en\u00e9 \u017ei\u0165 tot\u00e1lne zasv\u00e4tenie sa Bohu troma tradi\u010dn\u00fdmi s\u013eubmi \/\u010distoty, chudoby, poslu\u0161nosti\/, ost\u00e1vaj\u00fac napriek tomu v\u010dlenen\u00fd do spolo\u010dnosti a bez ak\u00e9hoko\u013evek rozli\u0161ovacieho vonkaj\u0161ieho znaku, okrem viery a l\u00e1sky.<\/p>\n\n\n\n<p class=\"has-colibri-color-6-color has-text-color has-normal-font-size\">Dielo Ducha<\/p>\n\n\n\n<p class=\"has-colibri-color-6-color has-text-color has-normal-font-size\">Tieto in\u0161tit\u00faty s\u00fa rozpt\u00fdlen\u00e9 po celom svete a naz\u00fdvaj\u00fa sa sekul\u00e1rnymi pre ich rozl\u00ed\u0161enie od reho\u013en\u00fdch spolo\u010denstiev.<br>Ide o nov\u00e9, av\u0161ak nie \u013eahk\u00e9 povolanie. Av\u0161ak siln\u00ed vierou Ducha, ktor\u00fd animuje v\u0161etk\u00fdch veriacich, \u010dlenovia t\u00fdchto in\u0161tit\u00fatov sa te\u0161ia zo vz\u00e1jomnej podpory t\u00fdch, ktor\u00ed tam patria. Vedia, \u017ee s\u00fa poslan\u00ed spolo\u010dn\u00fdm povolan\u00edm, aby prin\u00e1\u0161ali Je\u017ei\u0161ovu dobr\u00fa zves\u0165 do spolo\u010dnosti dne\u0161ka a zajtraj\u0161ka, a to viac \u017eivotom ne\u017e slovami.<br>Ten, ktor\u00fd neprestajne znova tvor\u00ed tv\u00e1rnos\u0165 zeme, obohatil Cirkev t\u00fdmito rodinami veriacich, ktor\u00ed h\u013eadaj\u00fa svoj \u201ekl\u00e1\u0161tor\u201c vo svete, aby tam boli so\u013eou, svetlom a kvasom na ka\u017edej soci\u00e1lnej \u00farovni.<\/p>\n\n\n\n<p class=\"has-colibri-color-6-color has-text-color has-normal-font-size\">Sekul\u00e1rnos\u0165<\/p>\n\n\n\n<p class=\"has-colibri-color-6-color has-text-color has-normal-font-size\">\u201eSekul\u00e1rnos\u0165\u201c tejto formy zasv\u00e4tenia znamen\u00e1 \u00fapln\u00e9 za\u010dlenenie do spolo\u010dnosti. Nielen ako zdie\u013eanie ur\u010ditej profesie alebo sp\u00f4sobu \u017eivota, ale ako \u201emiesto\u201c, do ktor\u00e9ho mo\u017eno vn\u00e1\u0161a\u0165 kres\u0165ansk\u00fa zodpovednos\u0165. Je to tak\u00fd sp\u00f4sob \u017eivota vo svete, ktor\u00fd ho m\u00e1 pretv\u00e1ra\u0165 zvn\u00fatra a prenika\u0165 ho evanjeliov\u00fdm duchom. \u010clenovia sekul\u00e1rneho in\u0161tit\u00fatu sa venuj\u00fa t\u00fdm ist\u00fdm pr\u00e1cam ako ich s\u00fa\u010dasn\u00edci, ale s rados\u0165ou a s vedom\u00edm, \u017ee zasv\u00e4cuj\u00fa svoju existenciu pre ich dobro. \u201eNie nato\u013eko pre potvrdenie vn\u00fatornej platnosti samotn\u00fdch vec\u00ed, ale sk\u00f4r pre ich orient\u00e1ciu presne pod\u013ea evanjeliov\u00fdch blahoslavenstiev\u201c\/Pavol VI.\/.<br>Zasv\u00e4tenie vo svete rob\u00ed zo zasv\u00e4ten\u00fdch \u201esvedkov nadradenosti duchovn\u00fdch hodn\u00f4t\u201c. Pr\u00e1ve preto, \u017ee poznaj\u00fa relat\u00edvne hodnoty sveta, pracuj\u00fa celou silou pre rozvoj skuto\u010dnej civiliz\u00e1cie a v prospech osoby.<\/p>\n\n\n\n<p class=\"has-colibri-color-6-color has-text-color has-normal-font-size\">Zasv\u00e4tenie<\/p>\n\n\n\n<p class=\"has-colibri-color-6-color has-text-color has-normal-font-size\">\u010clenovia t\u00fdchto in\u0161tit\u00fatov \u017eij\u00fa skuto\u010dn\u00e9 zasv\u00e4tenie pod\u013ea evanjeliov\u00fdch r\u00e1d, ale bez toho, aby to bolo bezprostredne \u201evidite\u013en\u00e9\u201c. Skladaj\u00fa s\u013eub \u010distoty, chudoby a poslu\u0161nosti, nasleduj\u00fac \u00faplne Krista, ktor\u00fd \u017eil tieto hodnoty neopakovate\u013en\u00fdm sp\u00f4sobom konkr\u00e9tne v nazaretskom dom\u010deku a na cest\u00e1ch Palest\u00edny.<br>Pavol VI. v pr\u00edhovore predstaven\u00fdm sekul\u00e1rnych in\u0161tit\u00fatov 20.9.1972 takto op\u00edsal s\u013euby v sekul\u00e1rnych podmienkach: \u201eVa\u0161a chudoba hovor\u00ed svetu, \u017ee je mo\u017en\u00e9 \u017ei\u0165 a u\u017e\u00edva\u0165 pozemsk\u00e9 dobr\u00e1 a prostriedky civiliz\u00e1cie a progresu bez toho, aby sme sa stali ich otrokmi; va\u0161a \u010distota hovor\u00ed svetu, \u017ee je mo\u017en\u00e9 milova\u0165 nezi\u0161tne a bezhrani\u010dne, \u010do pri\u0165ahuje Bo\u017eie srdce a \u017ee je mo\u017en\u00e9 s rados\u0165ou sa venova\u0165 ka\u017ed\u00e9mu bez toho, aby sme sa k niekomu viazali, staraj\u00fac sa pritom hlavne o t\u00fdch najn\u00fadznej\u0161\u00edch; va\u0161a poslu\u0161nos\u0165 hovor\u00ed svetu, \u017ee je mo\u017en\u00e9 by\u0165 \u0161\u0165astn\u00fdm bez toho, aby sme sa zastavovali pri v\u00fdhodnej osobnej vo\u013ebe, ost\u00e1vaj\u00fac \u00faplne otvoren\u00fdmi pre v\u00f4\u013eu Bo\u017eiu, tak ako to prin\u00e1\u0161a ka\u017ed\u00fd de\u0148, znaky \u010dasov a po\u017eiadavky sp\u00e1sy dne\u0161n\u00e9ho sveta\u201c.<\/p>\n","protected":false},"excerpt":{"rendered":"<p>Sekul\u00e1rne in\u0161tit\u00faty s\u00fa formou \u017eivota v Cirkvi dos\u0165 mladou, ale pri\u0165ahuj\u00facou. Novos\u0165ou je, \u017ee je mo\u017en\u00e9 \u017ei\u0165 tot\u00e1lne zasv\u00e4tenie sa Bohu troma tradi\u010dn\u00fdmi s\u013eubmi \/\u010distoty, chudoby, poslu\u0161nosti\/, ost\u00e1vaj\u00fac napriek tomu v\u010dlenen\u00fd do spolo\u010dnosti a bez ak\u00e9hoko\u013evek rozli\u0161ovacieho vonkaj\u0161ieho znaku, okrem viery a l\u00e1sky. Dielo Ducha Tieto in\u0161tit\u00faty s\u00fa rozpt\u00fdlen\u00e9 po celom svete a naz\u00fdvaj\u00fa sa [&hellip;]<\/p>\n","protected":false},"author":1,"featured_media":0,"parent":0,"menu_order":0,"comment_status":"closed","ping_status":"closed","template":"","meta":{"footnotes":""},"class_list":["post-1076","page","type-page","status-publish","hentry"],"_links":{"self":[{"href":"https:\/\/karmelitanskaunia.sk\/new\/wp-json\/wp\/v2\/pages\/1076","targetHints":{"allow":["GET"]}}],"collection":[{"href":"https:\/\/karmelitanskaunia.sk\/new\/wp-json\/wp\/v2\/pages"}],"about":[{"href":"https:\/\/karmelitanskaunia.sk\/new\/wp-json\/wp\/v2\/types\/page"}],"author":[{"embeddable":true,"href":"https:\/\/karmelitanskaunia.sk\/new\/wp-json\/wp\/v2\/users\/1"}],"replies":[{"embeddable":true,"href":"https:\/\/karmelitanskaunia.sk\/new\/wp-json\/wp\/v2\/comments?post=1076"}],"version-history":[{"count":3,"href":"https:\/\/karmelitanskaunia.sk\/new\/wp-json\/wp\/v2\/pages\/1076\/revisions"}],"predecessor-version":[{"id":1294,"href":"https:\/\/karmelitanskaunia.sk\/new\/wp-json\/wp\/v2\/pages\/1076\/revisions\/1294"}],"wp:attachment":[{"href":"https:\/\/karmelitanskaunia.sk\/new\/wp-json\/wp\/v2\/media?parent=1076"}],"curies":[{"name":"wp","href":"https:\/\/api.w.org\/{rel}","templated":true}]}}