{"id":1055,"date":"2021-04-26T12:48:16","date_gmt":"2021-04-26T10:48:16","guid":{"rendered":"http:\/\/karmelitanskaunia.sk\/new\/?page_id=1055"},"modified":"2021-05-26T09:58:55","modified_gmt":"2021-05-26T07:58:55","slug":"modlitba-2","status":"publish","type":"page","link":"https:\/\/karmelitanskaunia.sk\/new\/modlitba-2\/","title":{"rendered":"Modlitba"},"content":{"rendered":"\n<div class=\"wp-block-media-text alignwide is-stacked-on-mobile is-image-fill\"><figure class=\"wp-block-media-text__media\" style=\"background-image:url(http:\/\/karmelitanskaunia.sk\/new\/wp-content\/uploads\/2021\/04\/modlitba02-1.jpg);background-position:50% 50%\"><img loading=\"lazy\" decoding=\"async\" width=\"500\" height=\"500\" src=\"http:\/\/karmelitanskaunia.sk\/new\/wp-content\/uploads\/2021\/04\/modlitba02-1.jpg\" alt=\"\" class=\"wp-image-1056 size-full\" srcset=\"https:\/\/karmelitanskaunia.sk\/new\/wp-content\/uploads\/2021\/04\/modlitba02-1.jpg 500w, https:\/\/karmelitanskaunia.sk\/new\/wp-content\/uploads\/2021\/04\/modlitba02-1-300x300.jpg 300w, https:\/\/karmelitanskaunia.sk\/new\/wp-content\/uploads\/2021\/04\/modlitba02-1-150x150.jpg 150w\" sizes=\"auto, (max-width: 500px) 100vw, 500px\" \/><\/figure><div class=\"wp-block-media-text__content\">\n<p class=\"has-colibri-color-6-color has-text-color has-normal-font-size\">Ka\u017ed\u00e1 zasv\u00e4ten\u00e1 v Karmelit\u00e1nsko-terezi\u00e1nskej \u00fanii posil\u0148uje a \u017eiv\u00ed svoj \u017eivot a svoje svedectvo vo svete neust\u00e1lou snahou o v\u017edy int\u00edmnej\u0161\u00ed a osobnej\u0161\u00ed vz\u0165ah s Bohom. V modlitbe a v \u0161kole sv. Ter\u00e9zie od Je\u017ei\u0161a a sv. J\u00e1na z Kr\u00ed\u017ea ho vn\u00edma ako Otca, priate\u013ea, \u017een\u00edcha, brata a spolo\u010dn\u00edka na ceste. Na st\u00e1le obnovovanej skuto\u010dnosti, \u017ee Je\u017ei\u0161 je s nami po v\u0161etky dni a\u017e do skon\u010denia sveta, \u017eije duchom modlitby a po\u010das d\u0148a si nach\u00e1dza priestor, aby bola sama s Bohom pod\u013ea ducha terezi\u00e1nskeho Karmelu. Chce udr\u017eiava\u0165 za\u017eat\u00fd ohe\u0148 Bo\u017eej l\u00e1sky vo svete a pom\u00e1ha\u0165 svoj\u00edm bl\u00ed\u017enym, aby otvorili svoje srdce P\u00e1novi, ktor\u00fd stoj\u00ed pri dver\u00e1ch ka\u017ed\u00e9ho z n\u00e1s a \u010dak\u00e1 len na to, aby bol pozvan\u00fd \u010falej. Aj ke\u010f rovnako slab\u00e1 ako ostatn\u00ed, ale siln\u00e1 pr\u00edtomnos\u0165ou bo\u017eou, neust\u00e1le obnovovanou, chce sved\u010di\u0165 hlavne o jeho milosrdenstve a ne\u017enosti, aby svet uveril v L\u00e1sku.<\/p>\n<\/div><\/div>\n","protected":false},"excerpt":{"rendered":"<p>Ka\u017ed\u00e1 zasv\u00e4ten\u00e1 v Karmelit\u00e1nsko-terezi\u00e1nskej \u00fanii posil\u0148uje a \u017eiv\u00ed svoj \u017eivot a svoje svedectvo vo svete neust\u00e1lou snahou o v\u017edy int\u00edmnej\u0161\u00ed a osobnej\u0161\u00ed vz\u0165ah s Bohom. V modlitbe a v \u0161kole sv. Ter\u00e9zie od Je\u017ei\u0161a a sv. J\u00e1na z Kr\u00ed\u017ea ho vn\u00edma ako Otca, priate\u013ea, \u017een\u00edcha, brata a spolo\u010dn\u00edka na ceste. Na st\u00e1le obnovovanej skuto\u010dnosti, \u017ee [&hellip;]<\/p>\n","protected":false},"author":1,"featured_media":0,"parent":0,"menu_order":0,"comment_status":"closed","ping_status":"closed","template":"","meta":{"footnotes":""},"class_list":["post-1055","page","type-page","status-publish","hentry"],"_links":{"self":[{"href":"https:\/\/karmelitanskaunia.sk\/new\/wp-json\/wp\/v2\/pages\/1055","targetHints":{"allow":["GET"]}}],"collection":[{"href":"https:\/\/karmelitanskaunia.sk\/new\/wp-json\/wp\/v2\/pages"}],"about":[{"href":"https:\/\/karmelitanskaunia.sk\/new\/wp-json\/wp\/v2\/types\/page"}],"author":[{"embeddable":true,"href":"https:\/\/karmelitanskaunia.sk\/new\/wp-json\/wp\/v2\/users\/1"}],"replies":[{"embeddable":true,"href":"https:\/\/karmelitanskaunia.sk\/new\/wp-json\/wp\/v2\/comments?post=1055"}],"version-history":[{"count":2,"href":"https:\/\/karmelitanskaunia.sk\/new\/wp-json\/wp\/v2\/pages\/1055\/revisions"}],"predecessor-version":[{"id":1264,"href":"https:\/\/karmelitanskaunia.sk\/new\/wp-json\/wp\/v2\/pages\/1055\/revisions\/1264"}],"wp:attachment":[{"href":"https:\/\/karmelitanskaunia.sk\/new\/wp-json\/wp\/v2\/media?parent=1055"}],"curies":[{"name":"wp","href":"https:\/\/api.w.org\/{rel}","templated":true}]}}