{"id":1025,"date":"2021-04-26T10:40:31","date_gmt":"2021-04-26T08:40:31","guid":{"rendered":"http:\/\/karmelitanskaunia.sk\/new\/?page_id=1025"},"modified":"2021-05-26T09:38:19","modified_gmt":"2021-05-26T07:38:19","slug":"capannori-2","status":"publish","type":"page","link":"https:\/\/karmelitanskaunia.sk\/new\/capannori-2\/","title":{"rendered":"Capannori"},"content":{"rendered":"\n<div class=\"wp-block-media-text alignwide is-stacked-on-mobile\"><figure class=\"wp-block-media-text__media\"><img loading=\"lazy\" decoding=\"async\" width=\"250\" height=\"175\" src=\"http:\/\/karmelitanskaunia.sk\/new\/wp-content\/uploads\/2021\/04\/Capannori-1.jpg\" alt=\"\" class=\"wp-image-1026 size-full\"\/><\/figure><div class=\"wp-block-media-text__content\">\n<p class=\"has-colibri-color-6-color has-text-color has-normal-font-size\">Vznikla v r. 1947 pri sanktu\u00e1riu Panny M\u00e1rie Karmelskej v Capannori pri Lucce \/Taliansko\/ z in\u0161pir\u00e1cie karmelit\u00e1nskeho p\u00e1tra Luigiho od Nepo\u0161kvrnenej Panny M\u00e1rie \/1911-1983\/. Prv\u00e1 my\u0161lienka sa mu zrodila v srdci z kon\u0161tatovania, \u017ee by pre karmelit\u00e1nskych seminaristov boli potrebn\u00e9 zasv\u00e4ten\u00e9 \u017eeny, ktor\u00e9 by ich materinsky sprev\u00e1dzali na ich ceste zasv\u00e4ten\u00e9ho \u017eivota tak, ako bola M\u00e1ria ved\u013ea Krista. Bolo nevyhnutn\u00e9, aby, okrem in\u00e9ho, \u017eili pod\u013ea karmelit\u00e1nskeho ide\u00e1lu a aby s entuziazmom spolupracovali na jeho \u0161\u00edren\u00ed svoj\u00edm \u017eivotom vo svete st\u00e1le nepokojnom, ale hladnom po Absol\u00fatne.<br>Tejto prorockej i\u0161pir\u00e1cii p.Luigiho odpovedali niektor\u00e9 mlad\u00e9 diev\u010dat\u00e1 na \u010dele s Giuseppinou Mulinacci \/1896 \u2013 1987\/. Semienko bolo zasiate do \u00farodnej p\u00f4dy obety, horiacej l\u00e1sky, odvahy a bezhrani\u010dnej d\u00f4very v Prozrete\u013enos\u0165.<\/p>\n\n\n\n<p class=\"has-colibri-color-6-color has-text-color has-normal-font-size\">Formy prin\u00e1le\u017eitosti a roz\u0161\u00edrenia<\/p>\n\n\n\n<p class=\"has-colibri-color-6-color has-text-color has-normal-font-size\">Od svojho gener\u00e1lneho zhroma\u017edenia v r. 1969 in\u0161tit\u00fat pon\u00faka dve formy prin\u00e1le\u017eitosti: ako zasv\u00e4ten\u00e9 a ako pri\u010dlenen\u00e9\/aderentn\u00e9\/.<br>Zasv\u00e4ten\u00e9 \u010dlenky s\u00fa zasv\u00e4ten\u00fdmi osobami v plnom rozsahu, \u010di sa u\u017e d\u00e1vaj\u00fa \u00faplne k dispoz\u00edcii iniciat\u00edvam in\u0161tit\u00fatu, alebo si volia \u017eivot s rovnak\u00fdmi ide\u00e1lmi, ale tam, kde \u017eij\u00fa, vo svojej profesii.<br>Aderentn\u00e9 \u2013 pri\u010dlenen\u00e9 s\u00fa tie, ktor\u00e9 \u017eij\u00fa svoje kres\u0165ansk\u00e9 povolanie v duchu in\u0161tit\u00fatu bez z\u00e1v\u00e4zkov form\u00e1lneho zasv\u00e4tenia \/vydat\u00e9, vdovy a slobodn\u00e9, orientovan\u00e9 viac-menej k man\u017eelstvu\/.<br>Uvedomuj\u00fac si st\u00e1le viac svoje povolanie v Cirkvi a vo svete sa in\u0161tit\u00fat \u2013 aj ke\u010f v men\u0161om rozsahu \u2013 roz\u0161\u00edril do r\u00f4znych oblast\u00ed Talianska a je zast\u00fapen\u00fd aj na Malte, na Slovensku a v \u00cdrsku.<br>Nov\u00fdmi kon\u0161tit\u00faciami, schv\u00e1len\u00fdmi Cirkvou v r.1985, sa in\u0161tit\u00fat prezentuje ako vern\u00fd p\u00f4vodn\u00fdm snah\u00e1m a z\u00e1rove\u0148 ako otvoren\u00fd smeru, ktor\u00fd mu Duch Sv\u00e4t\u00fd ukazuje prostredn\u00edctvom r\u00f4znych udalost\u00ed a skrze slov\u00e1 Magist\u00e9ria Cirkvi, aby tak r\u00e1stla a rozv\u00edjala sa v\u017edy viac pod\u013ea bo\u017e\u00edch z\u00e1merov a pre dobro spolo\u010dnosti.<\/p>\n\n\n\n<p class=\"has-colibri-color-6-color has-text-color has-normal-font-size\">Zasv\u00e4ten\u00e1 sekul\u00e1rnos\u0165<\/p>\n\n\n\n<p class=\"has-colibri-color-6-color has-text-color has-normal-font-size\">Sestra Karmelit\u00e1nsko-terezi\u00e1nskej \u00fanie sa st\u00e1va Je\u017ei\u0161ovou u\u010den\u00ed\u010dkou, podie\u013eaj\u00fac sa na evanjeliov\u00fdch rad\u00e1ch prostredn\u00edctvom troch s\u013eubov, av\u0161ak nie v kl\u00e1\u0161tore, ale v zamestnan\u00ed, v ktorom sa nach\u00e1dza a v be\u017en\u00fdch spolo\u010densk\u00fdch udalostiach.<br>T\u00fdm, \u017ee u\u017e\u00edva vlastn\u00e9 dobr\u00e1 skromne, chce by\u0165 chudobn\u00e1 s chudobn\u00fdm Kristom.<br>Vo svojom povolan\u00ed sa chce pripodobni\u0165 Kristovi aj poslu\u0161nos\u0165ou Bohu Otcovi.<br>Povolan\u00e1 k duchovn\u00e9mu materstvu, vol\u00ed si \u017eivot \u010distoty, aby bola \u00faplne otvoren\u00e1 pre bratov a sestry.<br>Ako Je\u017ei\u0161 \u017eil tridsa\u0165 rokov tento duchovn\u00fd rozmer v ka\u017edodennom \u017eivote neodli\u0161uj\u00fac sa od ostatn\u00fdch obyvate\u013eov Nazareta, tak aj ona \u017eije svoje zasv\u00e4tenie v be\u017en\u00fdch udalostiach ka\u017ed\u00e9ho d\u0148a a v anonymite, deliac sa o \u017eivotn\u00e9 situ\u00e1cie svojich bratov a sestier, s ktor\u00fdmi ju sp\u00e1ja Kristova vykupite\u013esk\u00e1 l\u00e1ska.<br><\/p>\n<\/div><\/div>\n","protected":false},"excerpt":{"rendered":"<p>Vznikla v r. 1947 pri sanktu\u00e1riu Panny M\u00e1rie Karmelskej v Capannori pri Lucce \/Taliansko\/ z in\u0161pir\u00e1cie karmelit\u00e1nskeho p\u00e1tra Luigiho od Nepo\u0161kvrnenej Panny M\u00e1rie \/1911-1983\/. Prv\u00e1 my\u0161lienka sa mu zrodila v srdci z kon\u0161tatovania, \u017ee by pre karmelit\u00e1nskych seminaristov boli potrebn\u00e9 zasv\u00e4ten\u00e9 \u017eeny, ktor\u00e9 by ich materinsky sprev\u00e1dzali na ich ceste zasv\u00e4ten\u00e9ho \u017eivota tak, ako bola [&hellip;]<\/p>\n","protected":false},"author":1,"featured_media":0,"parent":0,"menu_order":0,"comment_status":"closed","ping_status":"closed","template":"","meta":{"footnotes":""},"class_list":["post-1025","page","type-page","status-publish","hentry"],"_links":{"self":[{"href":"https:\/\/karmelitanskaunia.sk\/new\/wp-json\/wp\/v2\/pages\/1025","targetHints":{"allow":["GET"]}}],"collection":[{"href":"https:\/\/karmelitanskaunia.sk\/new\/wp-json\/wp\/v2\/pages"}],"about":[{"href":"https:\/\/karmelitanskaunia.sk\/new\/wp-json\/wp\/v2\/types\/page"}],"author":[{"embeddable":true,"href":"https:\/\/karmelitanskaunia.sk\/new\/wp-json\/wp\/v2\/users\/1"}],"replies":[{"embeddable":true,"href":"https:\/\/karmelitanskaunia.sk\/new\/wp-json\/wp\/v2\/comments?post=1025"}],"version-history":[{"count":2,"href":"https:\/\/karmelitanskaunia.sk\/new\/wp-json\/wp\/v2\/pages\/1025\/revisions"}],"predecessor-version":[{"id":1247,"href":"https:\/\/karmelitanskaunia.sk\/new\/wp-json\/wp\/v2\/pages\/1025\/revisions\/1247"}],"wp:attachment":[{"href":"https:\/\/karmelitanskaunia.sk\/new\/wp-json\/wp\/v2\/media?parent=1025"}],"curies":[{"name":"wp","href":"https:\/\/api.w.org\/{rel}","templated":true}]}}